{"id":4855,"date":"2024-09-04T17:40:06","date_gmt":"2024-09-04T17:40:06","guid":{"rendered":"http:\/\/dpfc-ci.net\/?page_id=4855"},"modified":"2025-10-21T14:23:15","modified_gmt":"2025-10-21T14:23:15","slug":"textes-officiels-2-3","status":"publish","type":"page","link":"https:\/\/dpfc-ci.net\/?page_id=4855","title":{"rendered":"Textes officiels 2025-2026"},"content":{"rendered":"<div id=\"pl-4855\"  class=\"panel-layout\" ><div id=\"pg-4855-0\"  class=\"panel-grid panel-no-style\" ><div id=\"pgc-4855-0-0\"  class=\"panel-grid-cell\" ><div id=\"panel-4855-0-0-0\" class=\"so-panel widget widget_sow-button panel-first-child\" data-index=\"0\" ><div class=\"wow bounceIn panel-widget-style panel-widget-style-for-4855-0-0-0\" data-wow-offset=\"10\" data-wow-iteration=\"1\" ><div\n\t\t\t\n\t\t\tclass=\"so-widget-sow-button so-widget-sow-button-atom-1a5b8173cca7-4855\"\n\t\t\t\n\t\t><div class=\"ow-button-base ow-button-align-justify\"\n style=\"display: block;\">\n\t\t\t<a\n\t\t\t\t\thref=\"https:\/\/dpfc-ci.net\/dpfc\/2026\/textes_officiels\/mena\/1\/Circulaire%20N%C2%B0%200301_%20Emplois%20du%20temps%20des%20classes%20du%20pr%C3%A9-primaire%2C%20de%20CP1%20et%20de%20CP2_%20%C3%A9coles%20d%27exp%C3%A9rimentation%20des%20nouveaux%20programmes%20%C3%A9ducatifs.pdf\"\n\t\t\t\t\tclass=\"sowb-button ow-icon-placement-left ow-button-hover\" target=\"_blank\" rel=\"noopener noreferrer\" \t>\n\t\t<span>\n\t\t\t<span class=\"sow-icon-fontawesome sow-far\" data-sow-icon=\"&#xf1c1;\"\n\t\tstyle=\"\" \n\t\taria-hidden=\"true\"><\/span>\n\t\t\tCirculaire N\u00b0 0301_ Emplois du temps des classes du pr\u00e9-primaire, de CP1 et de CP2_ \u00e9coles d'exp\u00e9rimentation des nouveaux programmes \u00e9ducatifs\t\t<\/span>\n\t\t\t<\/a>\n\t<\/div>\n<\/div><\/div><\/div><div id=\"panel-4855-0-0-1\" class=\"so-panel widget widget_sow-button\" data-index=\"1\" ><div class=\"wow bounceIn panel-widget-style panel-widget-style-for-4855-0-0-1\" data-wow-offset=\"10\" data-wow-iteration=\"1\" ><div\n\t\t\t\n\t\t\tclass=\"so-widget-sow-button so-widget-sow-button-atom-1a5b8173cca7-4855\"\n\t\t\t\n\t\t><div class=\"ow-button-base ow-button-align-justify\"\n style=\"display: block;\">\n\t\t\t<a\n\t\t\t\t\thref=\"https:\/\/dpfc-ci.net\/dpfc\/2026\/textes_officiels\/mena\/1\/Circulaire%20N%C2%B0%20302_%20Dispositions%20pratiques%20pour%20l%27administration%20de%20la%20dict%C3%A9e%20classique%20au%20primaire.pdf\"\n\t\t\t\t\tclass=\"sowb-button ow-icon-placement-left ow-button-hover\" target=\"_blank\" rel=\"noopener noreferrer\" \t>\n\t\t<span>\n\t\t\t<span class=\"sow-icon-fontawesome sow-far\" data-sow-icon=\"&#xf1c1;\"\n\t\tstyle=\"\" \n\t\taria-hidden=\"true\"><\/span>\n\t\t\tCirculaire N\u00b0 0302_ Dispositions pratiques pour l'administration de la dict\u00e9e classique au primaire\t\t<\/span>\n\t\t\t<\/a>\n\t<\/div>\n<\/div><\/div><\/div><div id=\"panel-4855-0-0-2\" class=\"so-panel widget widget_sow-button\" data-index=\"2\" ><div class=\"wow bounceIn panel-widget-style panel-widget-style-for-4855-0-0-2\" data-wow-offset=\"10\" data-wow-iteration=\"1\" ><div\n\t\t\t\n\t\t\tclass=\"so-widget-sow-button so-widget-sow-button-atom-1a5b8173cca7-4855\"\n\t\t\t\n\t\t><div class=\"ow-button-base ow-button-align-justify\"\n style=\"display: block;\">\n\t\t\t<a\n\t\t\t\t\thref=\"https:\/\/dpfc-ci.net\/dpfc\/2026\/textes_officiels\/mena\/1\/Circulaire%20N%C2%B0%200303_%20R%C3%A9gime%20p%C3%A9dagogique_nouveaux%20programmes%20%C3%A9ducatifs%20au%20CP1%20%20et%20CP2.pdf\"\n\t\t\t\t\tclass=\"sowb-button ow-icon-placement-left ow-button-hover\" target=\"_blank\" rel=\"noopener noreferrer\" \t>\n\t\t<span>\n\t\t\t<span class=\"sow-icon-fontawesome sow-far\" data-sow-icon=\"&#xf1c1;\"\n\t\tstyle=\"\" \n\t\taria-hidden=\"true\"><\/span>\n\t\t\tCirculaire N\u00b0 0303_ R\u00e9gime p\u00e9dagogique nouveaux programmes \u00e9ducatifs au CP1  et CP2\t\t<\/span>\n\t\t\t<\/a>\n\t<\/div>\n<\/div><\/div><\/div><div id=\"panel-4855-0-0-3\" class=\"so-panel widget widget_sow-button\" data-index=\"3\" ><div class=\"wow bounceIn panel-widget-style panel-widget-style-for-4855-0-0-3\" data-wow-offset=\"10\" data-wow-iteration=\"1\" ><div\n\t\t\t\n\t\t\tclass=\"so-widget-sow-button so-widget-sow-button-atom-1a5b8173cca7-4855\"\n\t\t\t\n\t\t><div class=\"ow-button-base ow-button-align-justify\"\n style=\"display: block;\">\n\t\t\t<a\n\t\t\t\t\thref=\"https:\/\/dpfc-ci.net\/dpfc\/2026\/textes_officiels\/mena\/1\/Circulaire%20N%C2%B0%200304_%20Planifications%20des%20activit%C3%A9s%20dans%20le%20pr%C3%A9-primaire%20des%20%C3%A9coles%20pilotes.pdf\"\n\t\t\t\t\tclass=\"sowb-button ow-icon-placement-left ow-button-hover\" target=\"_blank\" rel=\"noopener noreferrer\" \t>\n\t\t<span>\n\t\t\t<span class=\"sow-icon-fontawesome sow-far\" data-sow-icon=\"&#xf1c1;\"\n\t\tstyle=\"\" \n\t\taria-hidden=\"true\"><\/span>\n\t\t\tCirculaire N\u00b0 0304_ Planifications des activit\u00e9s dans le Pr\u00e9-Primaire des \u00e9coles pilotes\t\t<\/span>\n\t\t\t<\/a>\n\t<\/div>\n<\/div><\/div><\/div><div id=\"panel-4855-0-0-4\" class=\"so-panel widget widget_sow-button\" data-index=\"4\" ><div class=\"wow bounceIn panel-widget-style panel-widget-style-for-4855-0-0-4\" data-wow-offset=\"10\" data-wow-iteration=\"1\" ><div\n\t\t\t\n\t\t\tclass=\"so-widget-sow-button so-widget-sow-button-atom-1a5b8173cca7-4855\"\n\t\t\t\n\t\t><div class=\"ow-button-base ow-button-align-justify\"\n style=\"display: block;\">\n\t\t\t<a\n\t\t\t\t\thref=\"https:\/\/dpfc-ci.net\/dpfc\/2026\/textes_officiels\/mena\/1\/Circulaire%20N%C2%B0%200305_%20Exp%C3%A9rimentation%20des%20nouveaux%20programmes%20%C3%A9ducatifs.pdf\"\n\t\t\t\t\tclass=\"sowb-button ow-icon-placement-left ow-button-hover\" target=\"_blank\" rel=\"noopener noreferrer\" \t>\n\t\t<span>\n\t\t\t<span class=\"sow-icon-fontawesome sow-far\" data-sow-icon=\"&#xf1c1;\"\n\t\tstyle=\"\" \n\t\taria-hidden=\"true\"><\/span>\n\t\t\tCirculaire N\u00b0 0305_ Exp\u00e9rimentation des nouveaux programmes \u00e9ducatifs\t\t<\/span>\n\t\t\t<\/a>\n\t<\/div>\n<\/div><\/div><\/div><div id=\"panel-4855-0-0-5\" class=\"so-panel widget widget_sow-button\" data-index=\"5\" ><div class=\"wow bounceIn panel-widget-style panel-widget-style-for-4855-0-0-5\" data-wow-offset=\"10\" data-wow-iteration=\"1\" ><div\n\t\t\t\n\t\t\tclass=\"so-widget-sow-button so-widget-sow-button-atom-1a5b8173cca7-4855\"\n\t\t\t\n\t\t><div class=\"ow-button-base ow-button-align-justify\"\n style=\"display: block;\">\n\t\t\t<a\n\t\t\t\t\thref=\"https:\/\/dpfc-ci.net\/dpfc\/2026\/textes_officiels\/mena\/1\/Circulaire%20N%C2%B0%200306_%20Prise%20en%20compte%20de%20nouveaux%20contenus%20dans%20les%20enseignements-apprentissages.pdf\"\n\t\t\t\t\tclass=\"sowb-button ow-icon-placement-left ow-button-hover\" target=\"_blank\" rel=\"noopener noreferrer\" \t>\n\t\t<span>\n\t\t\t<span class=\"sow-icon-fontawesome sow-far\" data-sow-icon=\"&#xf1c1;\"\n\t\tstyle=\"\" \n\t\taria-hidden=\"true\"><\/span>\n\t\t\tCirculaire N\u00b0 0306_ Prise en compte de nouveaux contenus dans les enseignements-apprentissages\t\t<\/span>\n\t\t\t<\/a>\n\t<\/div>\n<\/div><\/div><\/div><div id=\"panel-4855-0-0-6\" class=\"so-panel widget widget_sow-button\" data-index=\"6\" ><div class=\"wow bounceIn panel-widget-style panel-widget-style-for-4855-0-0-6\" data-wow-offset=\"10\" data-wow-iteration=\"1\" ><div\n\t\t\t\n\t\t\tclass=\"so-widget-sow-button so-widget-sow-button-atom-1a5b8173cca7-4855\"\n\t\t\t\n\t\t><div class=\"ow-button-base ow-button-align-justify\"\n style=\"display: block;\">\n\t\t\t<a\n\t\t\t\t\thref=\"https:\/\/dpfc-ci.net\/dpfc\/2026\/textes_officiels\/mena\/1\/Circulaire%20N%C2%B0%200307_%20Modalit%C3%A9s%20de%20passage%20en%20classe%20superieur%20dans%20l%27enseignement%20primaire%20et%20secondaire%20g%C3%A9n%C3%A9ral.pdf\"\n\t\t\t\t\tclass=\"sowb-button ow-icon-placement-left ow-button-hover\" target=\"_blank\" rel=\"noopener noreferrer\" \t>\n\t\t<span>\n\t\t\t<span class=\"sow-icon-fontawesome sow-far\" data-sow-icon=\"&#xf1c1;\"\n\t\tstyle=\"\" \n\t\taria-hidden=\"true\"><\/span>\n\t\t\tCirculaire N\u00b0 0307_ Modalit\u00e9s de passage en classe sup\u00e9rieur dans l'enseignement primaire et secondaire g\u00e9n\u00e9ral\t\t<\/span>\n\t\t\t<\/a>\n\t<\/div>\n<\/div><\/div><\/div><div id=\"panel-4855-0-0-7\" class=\"so-panel widget widget_sow-button\" data-index=\"7\" ><div class=\"wow bounceIn panel-widget-style panel-widget-style-for-4855-0-0-7\" data-wow-offset=\"10\" data-wow-iteration=\"1\" ><div\n\t\t\t\n\t\t\tclass=\"so-widget-sow-button so-widget-sow-button-atom-1a5b8173cca7-4855\"\n\t\t\t\n\t\t><div class=\"ow-button-base ow-button-align-justify\"\n style=\"display: block;\">\n\t\t\t<a\n\t\t\t\t\thref=\"https:\/\/dpfc-ci.net\/dpfc\/2026\/textes_officiels\/Coefficients%20dans%20les%20premiers%20et%20second%20cycles%20de%20l%27enseignement%20secondaire%20g%C3%A9n%C3%A9ral.pdf\"\n\t\t\t\t\tclass=\"sowb-button ow-icon-placement-left ow-button-hover\" target=\"_blank\" rel=\"noopener noreferrer\" \t>\n\t\t<span>\n\t\t\t<span class=\"sow-icon-fontawesome sow-far\" data-sow-icon=\"&#xf1c1;\"\n\t\tstyle=\"\" \n\t\taria-hidden=\"true\"><\/span>\n\t\t\tCirculaire N\u00b0 0308_ Coefficients dans les premiers et second cycles de l'enseignement secondaire g\u00e9n\u00e9ral\t\t<\/span>\n\t\t\t<\/a>\n\t<\/div>\n<\/div><\/div><\/div><div id=\"panel-4855-0-0-8\" class=\"so-panel widget widget_sow-button\" data-index=\"8\" ><div class=\"wow bounceIn panel-widget-style panel-widget-style-for-4855-0-0-8\" data-wow-offset=\"10\" data-wow-iteration=\"1\" ><div\n\t\t\t\n\t\t\tclass=\"so-widget-sow-button so-widget-sow-button-atom-1a5b8173cca7-4855\"\n\t\t\t\n\t\t><div class=\"ow-button-base ow-button-align-justify\"\n style=\"display: block;\">\n\t\t\t<a\n\t\t\t\t\thref=\"https:\/\/dpfc-ci.net\/dpfc\/2026\/textes_officiels\/mena\/1\/Circulaire%20N%C2%B0%200309_%20Emplois%20du%20temps%20de%20l%27enseignement%20primaire.pdf\"\n\t\t\t\t\tclass=\"sowb-button ow-icon-placement-left ow-button-hover\" target=\"_blank\" rel=\"noopener noreferrer\" \t>\n\t\t<span>\n\t\t\t<span class=\"sow-icon-fontawesome sow-far\" data-sow-icon=\"&#xf1c1;\"\n\t\tstyle=\"\" \n\t\taria-hidden=\"true\"><\/span>\n\t\t\tCirculaire N\u00b0 0309_ Emplois du temps de l'enseignement primaire\t\t<\/span>\n\t\t\t<\/a>\n\t<\/div>\n<\/div><\/div><\/div><div id=\"panel-4855-0-0-9\" class=\"so-panel widget widget_sow-button\" data-index=\"9\" ><div class=\"wow bounceIn panel-widget-style panel-widget-style-for-4855-0-0-9\" data-wow-offset=\"10\" data-wow-iteration=\"1\" ><div\n\t\t\t\n\t\t\tclass=\"so-widget-sow-button so-widget-sow-button-atom-1a5b8173cca7-4855\"\n\t\t\t\n\t\t><div class=\"ow-button-base ow-button-align-justify\"\n style=\"display: block;\">\n\t\t\t<a\n\t\t\t\t\thref=\"https:\/\/dpfc-ci.net\/dpfc\/2026\/textes_officiels\/mena\/1\/Circulaire%20N%C2%B0%200310_%20Programmes%20%C3%A9ducatifs%20de%20l%27enseignement%20pr%C3%A9scolaire%2C%20primaire%20et%20secondaire%20g%C3%A9n%C3%A9ral.pdf\"\n\t\t\t\t\tclass=\"sowb-button ow-icon-placement-left ow-button-hover\" target=\"_blank\" rel=\"noopener noreferrer\" \t>\n\t\t<span>\n\t\t\t<span class=\"sow-icon-fontawesome sow-far\" data-sow-icon=\"&#xf1c1;\"\n\t\tstyle=\"\" \n\t\taria-hidden=\"true\"><\/span>\n\t\t\tCirculaire N\u00b0 0310_ Programmes \u00e9ducatifs de l'enseignement pr\u00e9scolaire, primaire et secondaire g\u00e9n\u00e9ral\t\t<\/span>\n\t\t\t<\/a>\n\t<\/div>\n<\/div><\/div><\/div><div id=\"panel-4855-0-0-10\" class=\"so-panel widget widget_sow-button\" data-index=\"10\" ><div class=\"wow bounceIn panel-widget-style panel-widget-style-for-4855-0-0-10\" data-wow-offset=\"10\" data-wow-iteration=\"1\" ><div\n\t\t\t\n\t\t\tclass=\"so-widget-sow-button so-widget-sow-button-atom-1a5b8173cca7-4855\"\n\t\t\t\n\t\t><div class=\"ow-button-base ow-button-align-justify\"\n style=\"display: block;\">\n\t\t\t<a\n\t\t\t\t\thref=\"https:\/\/dpfc-ci.net\/dpfc\/2026\/textes_officiels\/mena\/1\/Circulaire%20N%C2%B0%200311_%20Horaire%20dans%20l%27enseignement%20secondaire%20g%C3%A9n%C3%A9ral.pdf\"\n\t\t\t\t\tclass=\"sowb-button ow-icon-placement-left ow-button-hover\" target=\"_blank\" rel=\"noopener noreferrer\" \t>\n\t\t<span>\n\t\t\t<span class=\"sow-icon-fontawesome sow-far\" data-sow-icon=\"&#xf1c1;\"\n\t\tstyle=\"\" \n\t\taria-hidden=\"true\"><\/span>\n\t\t\tCirculaire N\u00b0 0311_ Horaire dans l'enseignement secondaire g\u00e9n\u00e9ral\t\t<\/span>\n\t\t\t<\/a>\n\t<\/div>\n<\/div><\/div><\/div><div id=\"panel-4855-0-0-11\" class=\"so-panel widget widget_sow-button\" data-index=\"11\" ><div class=\"wow bounceIn panel-widget-style panel-widget-style-for-4855-0-0-11\" data-wow-offset=\"10\" data-wow-iteration=\"1\" ><div\n\t\t\t\n\t\t\tclass=\"so-widget-sow-button so-widget-sow-button-atom-1a5b8173cca7-4855\"\n\t\t\t\n\t\t><div class=\"ow-button-base ow-button-align-justify\"\n style=\"display: block;\">\n\t\t\t<a\n\t\t\t\t\thref=\"https:\/\/dpfc-ci.net\/dpfc\/2026\/textes_officiels\/mena\/1\/Circulaire%20N%C2%B0%200312_%20R%C3%A9gime%20p%C3%A9dagogique%20de%20l%27enseignement%20primaire.pdf\"\n\t\t\t\t\tclass=\"sowb-button ow-icon-placement-left ow-button-hover\" target=\"_blank\" rel=\"noopener noreferrer\" \t>\n\t\t<span>\n\t\t\t<span class=\"sow-icon-fontawesome sow-far\" data-sow-icon=\"&#xf1c1;\"\n\t\tstyle=\"\" \n\t\taria-hidden=\"true\"><\/span>\n\t\t\tCirculaire N\u00b0 0312_ R\u00e9gime p\u00e9dagogique de l'enseignement primaire\t\t<\/span>\n\t\t\t<\/a>\n\t<\/div>\n<\/div><\/div><\/div><div id=\"panel-4855-0-0-12\" class=\"so-panel widget widget_sow-button\" data-index=\"12\" ><div class=\"wow bounceIn panel-widget-style panel-widget-style-for-4855-0-0-12\" data-wow-offset=\"10\" data-wow-iteration=\"1\" ><div\n\t\t\t\n\t\t\tclass=\"so-widget-sow-button so-widget-sow-button-atom-1a5b8173cca7-4855\"\n\t\t\t\n\t\t><div class=\"ow-button-base ow-button-align-justify\"\n style=\"display: block;\">\n\t\t\t<a\n\t\t\t\t\thref=\"https:\/\/dpfc-ci.net\/dpfc\/2026\/textes_officiels\/mena\/1\/Circulaire%20N%C2%B0%200313_%20Nature%20et%20rythme%20des%20%C3%A9valuations%20des%20apprentissages%20dans%20l%27enseignement%20secondaire%20g%C3%A9n%C3%A9ral.pdf\"\n\t\t\t\t\tclass=\"sowb-button ow-icon-placement-left ow-button-hover\" target=\"_blank\" rel=\"noopener noreferrer\" \t>\n\t\t<span>\n\t\t\t<span class=\"sow-icon-fontawesome sow-far\" data-sow-icon=\"&#xf1c1;\"\n\t\tstyle=\"\" \n\t\taria-hidden=\"true\"><\/span>\n\t\t\tCirculaire N\u00b0 0313_ Nature et rythme des \u00e9valuations des apprentissages dans l'enseignement secondaire g\u00e9n\u00e9ral\t\t<\/span>\n\t\t\t<\/a>\n\t<\/div>\n<\/div><\/div><\/div><div id=\"panel-4855-0-0-13\" class=\"so-panel widget widget_sow-button\" data-index=\"13\" ><div class=\"wow bounceIn panel-widget-style panel-widget-style-for-4855-0-0-13\" data-wow-offset=\"10\" data-wow-iteration=\"1\" ><div\n\t\t\t\n\t\t\tclass=\"so-widget-sow-button so-widget-sow-button-atom-1a5b8173cca7-4855\"\n\t\t\t\n\t\t><div class=\"ow-button-base ow-button-align-justify\"\n style=\"display: block;\">\n\t\t\t<a\n\t\t\t\t\thref=\"https:\/\/dpfc-ci.net\/dpfc\/2026\/textes_officiels\/mena\/1\/Circulaire%20N%C2%B0%200314_%20Interdiction%20de%20vente%20des%20manuels%20scolaires.pdf\"\n\t\t\t\t\tclass=\"sowb-button ow-icon-placement-left ow-button-hover\" target=\"_blank\" rel=\"noopener noreferrer\" \t>\n\t\t<span>\n\t\t\t<span class=\"sow-icon-fontawesome sow-far\" data-sow-icon=\"&#xf1c1;\"\n\t\tstyle=\"\" \n\t\taria-hidden=\"true\"><\/span>\n\t\t\tCirculaire N\u00b0 0314_ Interdiction de vente des manuels scolaires\t\t<\/span>\n\t\t\t<\/a>\n\t<\/div>\n<\/div><\/div><\/div><div id=\"panel-4855-0-0-14\" class=\"so-panel widget widget_sow-button\" data-index=\"14\" ><div class=\"wow bounceIn panel-widget-style panel-widget-style-for-4855-0-0-14\" data-wow-offset=\"10\" data-wow-iteration=\"1\" ><div\n\t\t\t\n\t\t\tclass=\"so-widget-sow-button so-widget-sow-button-atom-1a5b8173cca7-4855\"\n\t\t\t\n\t\t><div class=\"ow-button-base ow-button-align-justify\"\n style=\"display: block;\">\n\t\t\t<a\n\t\t\t\t\thref=\"https:\/\/dpfc-ci.net\/dpfc\/2026\/textes_officiels\/mena\/1\/Circulaire%20N%C2%B0%200315_%20Planification%20des%20activit%C3%A9s%20dans%20l%27enseignement%20pr%C3%A9scolaire.pdf\"\n\t\t\t\t\tclass=\"sowb-button ow-icon-placement-left ow-button-hover\" target=\"_blank\" rel=\"noopener noreferrer\" \t>\n\t\t<span>\n\t\t\t<span class=\"sow-icon-fontawesome sow-far\" data-sow-icon=\"&#xf1c1;\"\n\t\tstyle=\"\" \n\t\taria-hidden=\"true\"><\/span>\n\t\t\tCirculaire N\u00b0 0315_ Planification des activit\u00e9s dans l'enseignement pr\u00e9scolaire\t\t<\/span>\n\t\t\t<\/a>\n\t<\/div>\n<\/div><\/div><\/div><div id=\"panel-4855-0-0-15\" class=\"so-panel widget widget_sow-button\" data-index=\"15\" ><div class=\"wow bounceIn panel-widget-style panel-widget-style-for-4855-0-0-15\" data-wow-offset=\"10\" data-wow-iteration=\"1\" ><div\n\t\t\t\n\t\t\tclass=\"so-widget-sow-button so-widget-sow-button-atom-1a5b8173cca7-4855\"\n\t\t\t\n\t\t><div class=\"ow-button-base ow-button-align-justify\"\n style=\"display: block;\">\n\t\t\t<a\n\t\t\t\t\thref=\"https:\/\/dpfc-ci.net\/dpfc\/2026\/textes_officiels\/mena\/1\/Circulaire%20N%C2%B0%200316_%20Mise%20en%20oeuvre%20du%20Programme%20National%20d%27Am%C3%A9lioration%20%20des%20Premiers%20Apprentissages%20Scolaires%20%28PNAPAS%29.pdf\"\n\t\t\t\t\tclass=\"sowb-button ow-icon-placement-left ow-button-hover\" target=\"_blank\" rel=\"noopener noreferrer\" \t>\n\t\t<span>\n\t\t\t<span class=\"sow-icon-fontawesome sow-far\" data-sow-icon=\"&#xf1c1;\"\n\t\tstyle=\"\" \n\t\taria-hidden=\"true\"><\/span>\n\t\t\tCirculaire N\u00b0 0316_ Mise en \u0153uvre du Programme National d'Am\u00e9lioration des Premiers Apprentissages Scolaires (PNAPAS)\t\t<\/span>\n\t\t\t<\/a>\n\t<\/div>\n<\/div><\/div><\/div><div id=\"panel-4855-0-0-16\" class=\"so-panel widget widget_sow-button\" data-index=\"16\" ><div class=\"wow bounceIn panel-widget-style panel-widget-style-for-4855-0-0-16\" data-wow-offset=\"10\" data-wow-iteration=\"1\" ><div\n\t\t\t\n\t\t\tclass=\"so-widget-sow-button so-widget-sow-button-atom-1a5b8173cca7-4855\"\n\t\t\t\n\t\t><div class=\"ow-button-base ow-button-align-justify\"\n style=\"display: block;\">\n\t\t\t<a\n\t\t\t\t\thref=\"https:\/\/dpfc-ci.net\/dpfc\/2026\/textes_officiels\/mena\/1\/Circulaire%20N%C2%B0%200317_%20Reconduction%20de%20la%20Bourse%20Nationale%20du%20Manuel%20Scolaire%20%28BONAMAS%29.pdf\"\n\t\t\t\t\tclass=\"sowb-button ow-icon-placement-left ow-button-hover\" target=\"_blank\" rel=\"noopener noreferrer\" \t>\n\t\t<span>\n\t\t\t<span class=\"sow-icon-fontawesome sow-far\" data-sow-icon=\"&#xf1c1;\"\n\t\tstyle=\"\" \n\t\taria-hidden=\"true\"><\/span>\n\t\t\tCirculaire N\u00b0 0317_ Reconduction de la Bourse Nationale du Manuel Scolaire (BONAMAS)\t\t<\/span>\n\t\t\t<\/a>\n\t<\/div>\n<\/div><\/div><\/div><div id=\"panel-4855-0-0-17\" class=\"so-panel widget widget_sow-button\" data-index=\"17\" ><div class=\"wow bounceIn panel-widget-style panel-widget-style-for-4855-0-0-17\" data-wow-offset=\"10\" data-wow-iteration=\"1\" ><div\n\t\t\t\n\t\t\tclass=\"so-widget-sow-button so-widget-sow-button-atom-1a5b8173cca7-4855\"\n\t\t\t\n\t\t><div class=\"ow-button-base ow-button-align-justify\"\n style=\"display: block;\">\n\t\t\t<a\n\t\t\t\t\thref=\"https:\/\/dpfc-ci.net\/dpfc\/2026\/textes_officiels\/mena\/1\/Circulaire%20N%C2%B0%200318_%20Dur%C3%A9e%20d%27utlisation%20des%20manuels%20scolaires%20agr%C3%A9%C3%A9s%20dans%20les%20%C3%A9coles%20primaires%20et%20secondaires.pdf\"\n\t\t\t\t\tclass=\"sowb-button ow-icon-placement-left ow-button-hover\" target=\"_blank\" rel=\"noopener noreferrer\" \t>\n\t\t<span>\n\t\t\t<span class=\"sow-icon-fontawesome sow-far\" data-sow-icon=\"&#xf1c1;\"\n\t\tstyle=\"\" \n\t\taria-hidden=\"true\"><\/span>\n\t\t\tCirculaire N\u00b0 0318_ Dur\u00e9e d'utlisation des manuels scolaires agr\u00e9\u00e9s dans les \u00e9coles primaires et secondaires\t\t<\/span>\n\t\t\t<\/a>\n\t<\/div>\n<\/div><\/div><\/div><div id=\"panel-4855-0-0-18\" class=\"so-panel widget widget_sow-button\" data-index=\"18\" ><div class=\"wow bounceIn panel-widget-style panel-widget-style-for-4855-0-0-18\" data-wow-offset=\"10\" data-wow-iteration=\"1\" ><div\n\t\t\t\n\t\t\tclass=\"so-widget-sow-button so-widget-sow-button-atom-1a5b8173cca7-4855\"\n\t\t\t\n\t\t><div class=\"ow-button-base ow-button-align-justify\"\n style=\"display: block;\">\n\t\t\t<a\n\t\t\t\t\thref=\"https:\/\/dpfc-ci.net\/dpfc\/2026\/textes_officiels\/mena\/1\/Circulaire%20N%C2%B0%200319_Maintien%20des%20plages%20horaires%20dans%20l%27enseignement%20primaire.pdf\"\n\t\t\t\t\tclass=\"sowb-button ow-icon-placement-left ow-button-hover\" target=\"_blank\" rel=\"noopener noreferrer\" \t>\n\t\t<span>\n\t\t\t<span class=\"sow-icon-fontawesome sow-far\" data-sow-icon=\"&#xf1c1;\"\n\t\tstyle=\"\" \n\t\taria-hidden=\"true\"><\/span>\n\t\t\tCirculaire N\u00b0 0319_Maintien des plages horaires dans l'enseignement primaire\t\t<\/span>\n\t\t\t<\/a>\n\t<\/div>\n<\/div><\/div><\/div><div id=\"panel-4855-0-0-19\" class=\"so-panel widget widget_sow-button\" data-index=\"19\" ><div class=\"wow bounceIn panel-widget-style panel-widget-style-for-4855-0-0-19\" data-wow-offset=\"10\" data-wow-iteration=\"1\" ><div\n\t\t\t\n\t\t\tclass=\"so-widget-sow-button so-widget-sow-button-atom-1a5b8173cca7-4855\"\n\t\t\t\n\t\t><div class=\"ow-button-base ow-button-align-justify\"\n style=\"display: block;\">\n\t\t\t<a\n\t\t\t\t\thref=\"https:\/\/dpfc-ci.net\/dpfc\/2026\/textes_officiels\/mena\/1\/Circulaire%20N%C2%B0%200320_Maintien%20de%20l%27enseignement%20de%20la%20discipline%20TICE.pdf\"\n\t\t\t\t\tclass=\"sowb-button ow-icon-placement-left ow-button-hover\" target=\"_blank\" rel=\"noopener noreferrer\" \t>\n\t\t<span>\n\t\t\t<span class=\"sow-icon-fontawesome sow-far\" data-sow-icon=\"&#xf1c1;\"\n\t\tstyle=\"\" \n\t\taria-hidden=\"true\"><\/span>\n\t\t\tCirculaire N\u00b0 0320_Maintien de l'enseignement de la discipline TICE\t\t<\/span>\n\t\t\t<\/a>\n\t<\/div>\n<\/div><\/div><\/div><div id=\"panel-4855-0-0-20\" class=\"so-panel widget widget_sow-button\" data-index=\"20\" ><div class=\"wow bounceIn panel-widget-style panel-widget-style-for-4855-0-0-20\" data-wow-offset=\"10\" data-wow-iteration=\"1\" ><div\n\t\t\t\n\t\t\tclass=\"so-widget-sow-button so-widget-sow-button-atom-1a5b8173cca7-4855\"\n\t\t\t\n\t\t><div class=\"ow-button-base ow-button-align-justify\"\n style=\"display: block;\">\n\t\t\t<a\n\t\t\t\t\thref=\"https:\/\/dpfc-ci.net\/dpfc\/2026\/textes_officiels\/mena\/1\/Circulaire%20N%C2%B0%200333_%20Maintien%20de%20la%20note%20de%20conduite%20dans%20le%20calcul%20des%20moyennes%20trimestrielles%20et%20annuelles.pdf\"\n\t\t\t\t\tclass=\"sowb-button ow-icon-placement-left ow-button-hover\" target=\"_blank\" rel=\"noopener noreferrer\" \t>\n\t\t<span>\n\t\t\t<span class=\"sow-icon-fontawesome sow-far\" data-sow-icon=\"&#xf1c1;\"\n\t\tstyle=\"\" \n\t\taria-hidden=\"true\"><\/span>\n\t\t\tCirculaire N\u00b0 0333_ Maintien de la note de conduite dans le calcul des moyennes trimestrielles et annuelles\t\t<\/span>\n\t\t\t<\/a>\n\t<\/div>\n<\/div><\/div><\/div><div id=\"panel-4855-0-0-21\" class=\"so-panel widget widget_sow-button\" data-index=\"21\" ><div class=\"wow bounceIn panel-widget-style panel-widget-style-for-4855-0-0-21\" data-wow-offset=\"10\" data-wow-iteration=\"1\" ><div\n\t\t\t\n\t\t\tclass=\"so-widget-sow-button so-widget-sow-button-atom-1a5b8173cca7-4855\"\n\t\t\t\n\t\t><div class=\"ow-button-base ow-button-align-justify\"\n style=\"display: block;\">\n\t\t\t<a\n\t\t\t\t\thref=\"https:\/\/dpfc-ci.net\/dpfc\/2026\/textes_officiels\/mena\/ARRETE%20N%C2%B00423%20MODALITES%20AGREMENTS%20SUPPORTS.pdf\"\n\t\t\t\t\tclass=\"sowb-button ow-icon-placement-left ow-button-hover\" target=\"_blank\" rel=\"noopener noreferrer\" \t>\n\t\t<span>\n\t\t\t<span class=\"sow-icon-fontawesome sow-far\" data-sow-icon=\"&#xf1c1;\"\n\t\tstyle=\"\" \n\t\taria-hidden=\"true\"><\/span>\n\t\t\tARRETE N\u00b00423 MODALITES AGREMENTS SUPPORTS\t\t<\/span>\n\t\t\t<\/a>\n\t<\/div>\n<\/div><\/div><\/div><div id=\"panel-4855-0-0-22\" class=\"so-panel widget widget_sow-button\" data-index=\"22\" ><div class=\"wow bounceIn panel-widget-style panel-widget-style-for-4855-0-0-22\" data-wow-offset=\"10\" data-wow-iteration=\"1\" ><div\n\t\t\t\n\t\t\tclass=\"so-widget-sow-button so-widget-sow-button-atom-1a5b8173cca7-4855\"\n\t\t\t\n\t\t><div class=\"ow-button-base ow-button-align-justify\"\n style=\"display: block;\">\n\t\t\t<a\n\t\t\t\t\thref=\"https:\/\/dpfc-ci.net\/dpfc\/2026\/textes_officiels\/mena\/ARRETE%20N%C2%B0295%20BONAMAS%202025.pdf\"\n\t\t\t\t\tclass=\"sowb-button ow-icon-placement-left ow-button-hover\" target=\"_blank\" rel=\"noopener noreferrer\" \t>\n\t\t<span>\n\t\t\t<span class=\"sow-icon-fontawesome sow-far\" data-sow-icon=\"&#xf1c1;\"\n\t\tstyle=\"\" \n\t\taria-hidden=\"true\"><\/span>\n\t\t\tARRETE N\u00b0295 BONAMAS 2025\t\t<\/span>\n\t\t\t<\/a>\n\t<\/div>\n<\/div><\/div><\/div><div id=\"panel-4855-0-0-23\" class=\"so-panel widget widget_sow-button panel-last-child\" data-index=\"23\" ><div class=\"wow bounceIn panel-widget-style panel-widget-style-for-4855-0-0-23\" data-wow-offset=\"10\" data-wow-iteration=\"1\" ><div\n\t\t\t\n\t\t\tclass=\"so-widget-sow-button so-widget-sow-button-atom-1a5b8173cca7-4855\"\n\t\t\t\n\t\t><div class=\"ow-button-base ow-button-align-justify\"\n style=\"display: block;\">\n\t\t\t<a\n\t\t\t\t\thref=\"https:\/\/dpfc-ci.net\/dpfc\/2026\/textes_officiels\/mena\/1\/Liste%20des%20manuels%20scolaires%2C%20des%20ouvrages%20et%20des%20supports%20didactiques%20agr%C3%A9es%20ou%20recommand%C3%A9s.pdf\"\n\t\t\t\t\tclass=\"sowb-button ow-icon-placement-left ow-button-hover\" target=\"_blank\" rel=\"noopener noreferrer\" \t>\n\t\t<span>\n\t\t\t<span class=\"sow-icon-fontawesome sow-far\" data-sow-icon=\"&#xf1c1;\"\n\t\tstyle=\"\" \n\t\taria-hidden=\"true\"><\/span>\n\t\t\tListe des manuels scolaires, des ouvrages et des supports didactiques agr\u00e9es ou recommand\u00e9s\t\t<\/span>\n\t\t\t<\/a>\n\t<\/div>\n<\/div><\/div><\/div><\/div><\/div><div id=\"pg-4855-1\"  class=\"panel-grid panel-has-style\" ><div class=\"panel-row-style panel-row-style-for-4855-1\" ><div id=\"pgc-4855-1-0\"  class=\"panel-grid-cell\" ><div id=\"panel-4855-1-0-0\" class=\"so-panel widget widget_sow-button panel-first-child\" data-index=\"24\" ><div class=\"wow bounceIn panel-widget-style panel-widget-style-for-4855-1-0-0\" data-wow-offset=\"10\" data-wow-iteration=\"1\" ><div\n\t\t\t\n\t\t\tclass=\"so-widget-sow-button so-widget-sow-button-atom-b5f64cad6c57-4855\"\n\t\t\t\n\t\t><div class=\"ow-button-base ow-button-align-justify\"\n style=\"display: block;\">\n\t\t\t<a\n\t\t\t\t\thref=\"https:\/\/dpfc-ci.net\/dpfc\/2025\/textes_officiels\/ARRETE%202014-0111%20PORTANT%20CODE%20DE%20CONDUITE%20DES%20PERSONNELS%20DU%20MENETFP.pdf\"\n\t\t\t\t\tclass=\"sowb-button ow-icon-placement-left ow-button-hover\" target=\"_blank\" rel=\"noopener noreferrer\" \t>\n\t\t<span>\n\t\t\t<span class=\"sow-icon-fontawesome sow-far\" data-sow-icon=\"&#xf1c1;\"\n\t\tstyle=\"\" \n\t\taria-hidden=\"true\"><\/span>\n\t\t\tARRETE 2014-0111 PORTANT CODE DE CONDUITE DES PERSONNELS DU MENETFP\t\t<\/span>\n\t\t\t<\/a>\n\t<\/div>\n<\/div><\/div><\/div><div id=\"panel-4855-1-0-1\" class=\"so-panel widget widget_sow-button\" data-index=\"25\" ><div class=\"wow bounceIn panel-widget-style panel-widget-style-for-4855-1-0-1\" data-wow-offset=\"10\" data-wow-iteration=\"1\" ><div\n\t\t\t\n\t\t\tclass=\"so-widget-sow-button so-widget-sow-button-atom-b5f64cad6c57-4855\"\n\t\t\t\n\t\t><div class=\"ow-button-base ow-button-align-justify\"\n style=\"display: block;\">\n\t\t\t<a\n\t\t\t\t\thref=\"https:\/\/dpfc-ci.net\/dpfc\/2025\/textes_officiels\/ARRETE%202014-0112_GTPE_2014%20PROTECTION%20DE%20L%27ENFANT.pdf\"\n\t\t\t\t\tclass=\"sowb-button ow-icon-placement-left ow-button-hover\" target=\"_blank\" rel=\"noopener noreferrer\" \t>\n\t\t<span>\n\t\t\t<span class=\"sow-icon-fontawesome sow-far\" data-sow-icon=\"&#xf1c1;\"\n\t\tstyle=\"\" \n\t\taria-hidden=\"true\"><\/span>\n\t\t\tARRETE 2014-0112_GTPE_2014 PROTECTION DE L'ENFANT\t\t<\/span>\n\t\t\t<\/a>\n\t<\/div>\n<\/div><\/div><\/div><div id=\"panel-4855-1-0-2\" class=\"so-panel widget widget_sow-button\" data-index=\"26\" ><div class=\"wow bounceIn panel-widget-style panel-widget-style-for-4855-1-0-2\" data-wow-offset=\"10\" data-wow-iteration=\"1\" ><div\n\t\t\t\n\t\t\tclass=\"so-widget-sow-button so-widget-sow-button-atom-b5f64cad6c57-4855\"\n\t\t\t\n\t\t><div class=\"ow-button-base ow-button-align-justify\"\n style=\"display: block;\">\n\t\t\t<a\n\t\t\t\t\thref=\"https:\/\/dpfc-ci.net\/dpfc\/2025\/textes_officiels\/Arrete%20Institution_COP.pdf\"\n\t\t\t\t\tclass=\"sowb-button ow-icon-placement-left ow-button-hover\" target=\"_blank\" rel=\"noopener noreferrer\" \t>\n\t\t<span>\n\t\t\t<span class=\"sow-icon-fontawesome sow-far\" data-sow-icon=\"&#xf1c1;\"\n\t\tstyle=\"\" \n\t\taria-hidden=\"true\"><\/span>\n\t\t\tARRETE INSTITUTION COP\t\t<\/span>\n\t\t\t<\/a>\n\t<\/div>\n<\/div><\/div><\/div><div id=\"panel-4855-1-0-3\" class=\"so-panel widget widget_sow-button\" data-index=\"27\" ><div class=\"wow bounceIn panel-widget-style panel-widget-style-for-4855-1-0-3\" data-wow-offset=\"10\" data-wow-iteration=\"1\" ><div\n\t\t\t\n\t\t\tclass=\"so-widget-sow-button so-widget-sow-button-atom-b5f64cad6c57-4855\"\n\t\t\t\n\t\t><div class=\"ow-button-base ow-button-align-justify\"\n style=\"display: block;\">\n\t\t\t<a\n\t\t\t\t\thref=\"https:\/\/dpfc-ci.net\/dpfc\/2025\/textes_officiels\/Arrete%20Organes_COP.pdf\"\n\t\t\t\t\tclass=\"sowb-button ow-icon-placement-left ow-button-hover\" target=\"_blank\" rel=\"noopener noreferrer\" \t>\n\t\t<span>\n\t\t\t<span class=\"sow-icon-fontawesome sow-far\" data-sow-icon=\"&#xf1c1;\"\n\t\tstyle=\"\" \n\t\taria-hidden=\"true\"><\/span>\n\t\t\tARRETE ORGANE COP\t\t<\/span>\n\t\t\t<\/a>\n\t<\/div>\n<\/div><\/div><\/div><div id=\"panel-4855-1-0-4\" class=\"so-panel widget widget_sow-button\" data-index=\"28\" ><div class=\"wow bounceIn panel-widget-style panel-widget-style-for-4855-1-0-4\" data-wow-offset=\"10\" data-wow-iteration=\"1\" ><div\n\t\t\t\n\t\t\tclass=\"so-widget-sow-button so-widget-sow-button-atom-b5f64cad6c57-4855\"\n\t\t\t\n\t\t><div class=\"ow-button-base ow-button-align-justify\"\n style=\"display: block;\">\n\t\t\t<a\n\t\t\t\t\thref=\"https:\/\/dpfc-ci.net\/dpfc\/2025\/textes_officiels\/Arr%C3%AAt%C3%A9%20CMEF.pdf\"\n\t\t\t\t\tclass=\"sowb-button ow-icon-placement-left ow-button-hover\" target=\"_blank\" rel=\"noopener noreferrer\" \t>\n\t\t<span>\n\t\t\t<span class=\"sow-icon-fontawesome sow-far\" data-sow-icon=\"&#xf1c1;\"\n\t\tstyle=\"\" \n\t\taria-hidden=\"true\"><\/span>\n\t\t\tARRETE CMEF\t\t<\/span>\n\t\t\t<\/a>\n\t<\/div>\n<\/div><\/div><\/div><div id=\"panel-4855-1-0-5\" class=\"so-panel widget widget_sow-button\" data-index=\"29\" ><div class=\"wow bounceIn panel-widget-style panel-widget-style-for-4855-1-0-5\" data-wow-offset=\"10\" data-wow-iteration=\"1\" ><div\n\t\t\t\n\t\t\tclass=\"so-widget-sow-button so-widget-sow-button-atom-b5f64cad6c57-4855\"\n\t\t\t\n\t\t><div class=\"ow-button-base ow-button-align-justify\"\n style=\"display: block;\">\n\t\t\t<a\n\t\t\t\t\thref=\"https:\/\/dpfc-ci.net\/dpfc\/2025\/textes_officiels\/Arr%C3%AAt%C3%A9_Reorganisation%20et%20Fonctionnement%20des%20APFC.pdf\"\n\t\t\t\t\tclass=\"sowb-button ow-icon-placement-left ow-button-hover\" target=\"_blank\" rel=\"noopener noreferrer\" \t>\n\t\t<span>\n\t\t\t<span class=\"sow-icon-fontawesome sow-far\" data-sow-icon=\"&#xf1c1;\"\n\t\tstyle=\"\" \n\t\taria-hidden=\"true\"><\/span>\n\t\t\tARRETE REORGANISATION ET FONCTIONNEMENT DES APFC\t\t<\/span>\n\t\t\t<\/a>\n\t<\/div>\n<\/div><\/div><\/div><div id=\"panel-4855-1-0-6\" class=\"so-panel widget widget_sow-button\" data-index=\"30\" ><div class=\"wow bounceIn panel-widget-style panel-widget-style-for-4855-1-0-6\" data-wow-offset=\"10\" data-wow-iteration=\"1\" ><div\n\t\t\t\n\t\t\tclass=\"so-widget-sow-button so-widget-sow-button-atom-b5f64cad6c57-4855\"\n\t\t\t\n\t\t><div class=\"ow-button-base ow-button-align-justify\"\n style=\"display: block;\">\n\t\t\t<a\n\t\t\t\t\thref=\"https:\/\/dpfc-ci.net\/dpfc\/2025\/textes_officiels\/Arr%C3%AAt%C3%A9_Modalit%C3%A9s%20Encadrement%20Pedagogique.pdf\"\n\t\t\t\t\tclass=\"sowb-button ow-icon-placement-left ow-button-hover\" target=\"_blank\" rel=\"noopener noreferrer\" \t>\n\t\t<span>\n\t\t\t<span class=\"sow-icon-fontawesome sow-far\" data-sow-icon=\"&#xf1c1;\"\n\t\tstyle=\"\" \n\t\taria-hidden=\"true\"><\/span>\n\t\t\tARRETE MODALITE ENCADREMENT PEDAGOGIQUE\t\t<\/span>\n\t\t\t<\/a>\n\t<\/div>\n<\/div><\/div><\/div><div id=\"panel-4855-1-0-7\" class=\"so-panel widget widget_sow-button\" data-index=\"31\" ><div class=\"wow bounceIn panel-widget-style panel-widget-style-for-4855-1-0-7\" data-wow-offset=\"10\" data-wow-iteration=\"1\" ><div\n\t\t\t\n\t\t\tclass=\"so-widget-sow-button so-widget-sow-button-atom-b5f64cad6c57-4855\"\n\t\t\t\n\t\t><div class=\"ow-button-base ow-button-align-justify\"\n style=\"display: block;\">\n\t\t\t<a\n\t\t\t\t\thref=\"https:\/\/dpfc-ci.net\/dpfc\/2025\/textes_officiels\/Arr%C3%AAt%C3%A9_Creation%20Attributions%20Fonctionnement%20UP%2C%20CE%20et%20secteurs%20P%C3%A9dagogiques.pdf\"\n\t\t\t\t\tclass=\"sowb-button ow-icon-placement-left ow-button-hover\" target=\"_blank\" rel=\"noopener noreferrer\" \t>\n\t\t<span>\n\t\t\t<span class=\"sow-icon-fontawesome sow-far\" data-sow-icon=\"&#xf1c1;\"\n\t\tstyle=\"\" \n\t\taria-hidden=\"true\"><\/span>\n\t\t\tARRETE CREATION ATTRIBUTION FONCTIONNEMENT UP, CE ET SECTEURS PEDAGOGIQUES\t\t<\/span>\n\t\t\t<\/a>\n\t<\/div>\n<\/div><\/div><\/div><div id=\"panel-4855-1-0-8\" class=\"so-panel widget widget_sow-button\" data-index=\"32\" ><div class=\"wow bounceIn panel-widget-style panel-widget-style-for-4855-1-0-8\" data-wow-offset=\"10\" data-wow-iteration=\"1\" ><div\n\t\t\t\n\t\t\tclass=\"so-widget-sow-button so-widget-sow-button-atom-b5f64cad6c57-4855\"\n\t\t\t\n\t\t><div class=\"ow-button-base ow-button-align-justify\"\n style=\"display: block;\">\n\t\t\t<a\n\t\t\t\t\thref=\"https:\/\/dpfc-ci.net\/dpfc\/2025\/textes_officiels\/Arret%C3%A9_%20Visites%20de%20classes_Final.pdf\"\n\t\t\t\t\tclass=\"sowb-button ow-icon-placement-left ow-button-hover\" target=\"_blank\" rel=\"noopener noreferrer\" \t>\n\t\t<span>\n\t\t\t<span class=\"sow-icon-fontawesome sow-far\" data-sow-icon=\"&#xf1c1;\"\n\t\tstyle=\"\" \n\t\taria-hidden=\"true\"><\/span>\n\t\t\tARRETE VISITES DE CLASSES FINALE\t\t<\/span>\n\t\t\t<\/a>\n\t<\/div>\n<\/div><\/div><\/div><div id=\"panel-4855-1-0-9\" class=\"so-panel widget widget_sow-button panel-last-child\" data-index=\"33\" ><div class=\"wow bounceIn panel-widget-style panel-widget-style-for-4855-1-0-9\" data-wow-offset=\"10\" data-wow-iteration=\"1\" ><div\n\t\t\t\n\t\t\tclass=\"so-widget-sow-button so-widget-sow-button-atom-b5f64cad6c57-4855\"\n\t\t\t\n\t\t><div class=\"ow-button-base ow-button-align-justify\"\n style=\"display: block;\">\n\t\t\t<a\n\t\t\t\t\thref=\"https:\/\/dpfc-ci.net\/dpfc\/2025\/textes_officiels\/D%C3%A9cret%202021-456%20du%2008%20septembre%202021%20Portant%20organisation%20du%20MENA%20%281%29.pdf\"\n\t\t\t\t\tclass=\"sowb-button ow-icon-placement-left ow-button-hover\" target=\"_blank\" rel=\"noopener noreferrer\" \t>\n\t\t<span>\n\t\t\t<span class=\"sow-icon-fontawesome sow-far\" data-sow-icon=\"&#xf1c1;\"\n\t\tstyle=\"\" \n\t\taria-hidden=\"true\"><\/span>\n\t\t\tARRETE DECRET 2021-456 DU 08 SEPTEMBRE PORTANT ORGANISATION DU MENA\t\t<\/span>\n\t\t\t<\/a>\n\t<\/div>\n<\/div><\/div><\/div><\/div><\/div><\/div><\/div>","protected":false},"excerpt":{"rendered":"<p>Circulaire N\u00b0 0301_ Emplois du temps des classes du pr\u00e9-primaire, de CP1 et de CP2_ \u00e9coles d&rsquo;exp\u00e9rimentation des nouveaux programmes \u00e9ducatifs Circulaire N\u00b0 0302_ Dispositions pratiques pour l&rsquo;administration de la dict\u00e9e classique au primaire Circulaire N\u00b0 0303_ R\u00e9gime p\u00e9dagogique nouveaux programmes \u00e9ducatifs au CP1 et CP2 Circulaire N\u00b0 0304_ Planifications des activit\u00e9s dans le Pr\u00e9-Primaire [&hellip;]<\/p>\n","protected":false},"author":1,"featured_media":0,"parent":0,"menu_order":0,"comment_status":"closed","ping_status":"closed","template":"","meta":{"footnotes":""},"class_list":["post-4855","page","type-page","status-publish","hentry"],"_links":{"self":[{"href":"https:\/\/dpfc-ci.net\/index.php?rest_route=\/wp\/v2\/pages\/4855","targetHints":{"allow":["GET"]}}],"collection":[{"href":"https:\/\/dpfc-ci.net\/index.php?rest_route=\/wp\/v2\/pages"}],"about":[{"href":"https:\/\/dpfc-ci.net\/index.php?rest_route=\/wp\/v2\/types\/page"}],"author":[{"embeddable":true,"href":"https:\/\/dpfc-ci.net\/index.php?rest_route=\/wp\/v2\/users\/1"}],"replies":[{"embeddable":true,"href":"https:\/\/dpfc-ci.net\/index.php?rest_route=%2Fwp%2Fv2%2Fcomments&post=4855"}],"version-history":[{"count":21,"href":"https:\/\/dpfc-ci.net\/index.php?rest_route=\/wp\/v2\/pages\/4855\/revisions"}],"predecessor-version":[{"id":5430,"href":"https:\/\/dpfc-ci.net\/index.php?rest_route=\/wp\/v2\/pages\/4855\/revisions\/5430"}],"wp:attachment":[{"href":"https:\/\/dpfc-ci.net\/index.php?rest_route=%2Fwp%2Fv2%2Fmedia&parent=4855"}],"curies":[{"name":"wp","href":"https:\/\/api.w.org\/{rel}","templated":true}]}}